{"id":11789,"date":"2012-07-30T23:32:32","date_gmt":"2012-07-30T23:32:32","guid":{"rendered":"https:\/\/avada.theme-fusion.com\/?page_id=6"},"modified":"2024-10-03T15:01:19","modified_gmt":"2024-10-03T15:01:19","slug":"home","status":"publish","type":"page","link":"https:\/\/www.vivacars.es\/de\/","title":{"rendered":"Viva Cars Alquiler de coches en Calpe (Alicante)"},"content":{"rendered":"<p><div class=\"fusion-fullwidth fullwidth-box fusion-builder-row-1 hundred-percent-fullwidth non-hundred-percent-height-scrolling fusion-no-small-visibility\" style=\"--awb-border-radius-top-left:0px;--awb-border-radius-top-right:0px;--awb-border-radius-bottom-right:0px;--awb-border-radius-bottom-left:0px;--awb-margin-top:-60px;--awb-flex-wrap:wrap;\" ><div class=\"fusion-builder-row fusion-row\"><div class=\"fusion-layout-column fusion_builder_column fusion-builder-column-0 fusion_builder_column_2_3 2_3 fusion-two-third fusion-column-first fusion-animated\" style=\"--awb-bg-size:cover;--awb-margin-top:25px;width:66.666666666667%;width:calc(66.666666666667% - ( ( 4% ) * 0.66666666666667 ) );margin-right: 4%;\" data-animationType=\"slideInUp\" data-animationDuration=\"1.0\" data-animationOffset=\"top-into-view\"><div class=\"fusion-column-wrapper fusion-column-has-shadow fusion-flex-column-wrapper-legacy\"><div class=\"fusion-column-content-centered\"><div class=\"fusion-column-content\">\n<div class=\"fusion-slider-revolution rev_slider_wrapper\">\t\t\t<!-- START portada REVOLUTION SLIDER 6.7.41 --><p class=\"rs-p-wp-fix\"><\/p>\n\t\t\t<rs-module-wrap id=\"rev_slider_5_1_wrapper\" data-source=\"gallery\" style=\"visibility:hidden;background:transparent;padding:0;margin:0px auto;margin-top:0;margin-bottom:0;\">\n\t\t\t\t<rs-module id=\"rev_slider_5_1\" style=\"\" data-version=\"6.7.41\">\n\t\t\t\t\t<rs-slides style=\"overflow: hidden; position: absolute;\">\n\t\t\t\t\t\t<rs-slide style=\"position: absolute;\" data-key=\"rs-10\" data-title=\"Slide\" data-thumb=\"\/\/www.vivacars.es\/de\/wp-content\/uploads\/sites\/4\/2019\/06\/seatibiza-100x50.jpg\" data-anim=\"ms:600;\" data-in=\"o:0;\" data-out=\"a:false;\">\n\t\t\t\t\t\t\t<img decoding=\"async\" src=\"\/\/www.vivacars.es\/de\/wp-content\/plugins\/revslider\/sr6\/assets\/assets\/dummy.png\" alt=\"\" title=\"seatibiza\" width=\"1280\" height=\"512\" class=\"rev-slidebg tp-rs-img rs-lazyload\" data-lazyload=\"\/\/www.vivacars.es\/de\/wp-content\/uploads\/sites\/4\/2019\/06\/seatibiza.jpg\" data-panzoom=\"d:10000;ss:100;se:115;\" data-no-retina>\n<!--\n\t\t\t\t\t\t\t--><rs-layer\n\t\t\t\t\t\t\t\tid=\"slider-5-slide-10-layer-1\" \n\t\t\t\t\t\t\t\tdata-type=\"text\"\n\t\t\t\t\t\t\t\tdata-color=\"#ffffff\"\n\t\t\t\t\t\t\t\tdata-rsp_ch=\"on\"\n\t\t\t\t\t\t\t\tdata-xy=\"x:c;y:40px;\"\n\t\t\t\t\t\t\t\tdata-text=\"s:45;l:22;a:center;\"\n\t\t\t\t\t\t\t\tdata-frame_0=\"x:left;o:1;\"\n\t\t\t\t\t\t\t\tdata-frame_1=\"st:340;sp:3300;sR:340;\"\n\t\t\t\t\t\t\t\tdata-frame_999=\"o:0;st:w;sR:5360;\"\n\t\t\t\t\t\t\t\tstyle=\"z-index:10;font-family:'Baloo Bhaina';\"\n\t\t\t\t\t\t\t>Wenn Ihr Ziel der Flughafen Alicante ist. \n\t\t\t\t\t\t\t<\/rs-layer><!--\n\n\t\t\t\t\t\t\t--><rs-layer\n\t\t\t\t\t\t\t\tid=\"slider-5-slide-10-layer-2\" \n\t\t\t\t\t\t\t\tdata-type=\"text\"\n\t\t\t\t\t\t\t\tdata-color=\"#ffffff\"\n\t\t\t\t\t\t\t\tdata-rsp_ch=\"on\"\n\t\t\t\t\t\t\t\tdata-xy=\"x:c;y:89px;\"\n\t\t\t\t\t\t\t\tdata-text=\"s:39;l:22;a:center;\"\n\t\t\t\t\t\t\t\tdata-frame_0=\"x:right;o:1;\"\n\t\t\t\t\t\t\t\tdata-frame_1=\"st:2790;sp:2740;sR:2790;\"\n\t\t\t\t\t\t\t\tdata-frame_999=\"o:0;st:w;sR:3470;\"\n\t\t\t\t\t\t\t\tstyle=\"z-index:11;font-family:'Baloo Bhaina';\"\n\t\t\t\t\t\t\t>Wir liefern Ihnen das Fahrzeug ohne Wartezeiten \n\t\t\t\t\t\t\t<\/rs-layer><!--\n\n\t\t\t\t\t\t\t--><rs-layer\n\t\t\t\t\t\t\t\tid=\"slider-5-slide-10-layer-4\" \n\t\t\t\t\t\t\t\tclass=\"tp-shape tp-shapewrapper\"\n\t\t\t\t\t\t\t\tdata-type=\"shape\"\n\t\t\t\t\t\t\t\tdata-rsp_ch=\"on\"\n\t\t\t\t\t\t\t\tdata-xy=\"x:195px;y:8px;\"\n\t\t\t\t\t\t\t\tdata-text=\"a:inherit;\"\n\t\t\t\t\t\t\t\tdata-dim=\"w:885px;h:131px;\"\n\t\t\t\t\t\t\t\tdata-frame_1=\"st:970;sp:3360;sR:970;\"\n\t\t\t\t\t\t\t\tdata-frame_999=\"o:0;st:w;sR:4670;\"\n\t\t\t\t\t\t\t\tstyle=\"z-index:5;background-color:rgba(0,0,0,0.5);\"\n\t\t\t\t\t\t\t> \n\t\t\t\t\t\t\t<\/rs-layer><!--\n-->\t\t\t\t\t<\/rs-slide>\n\t\t\t\t\t\t<rs-slide style=\"position: absolute;\" data-key=\"rs-11\" data-title=\"Slide\" data-thumb=\"\/\/www.vivacars.es\/de\/wp-content\/uploads\/sites\/4\/2019\/06\/renault-clio-100x50.jpg\" data-anim=\"ms:600;r:0;\" data-in=\"o:0;\" data-out=\"a:false;\">\n\t\t\t\t\t\t\t<img decoding=\"async\" src=\"\/\/www.vivacars.es\/de\/wp-content\/plugins\/revslider\/sr6\/assets\/assets\/dummy.png\" alt=\"\" title=\"renault-clio\" width=\"1280\" height=\"512\" class=\"rev-slidebg tp-rs-img rs-lazyload\" data-lazyload=\"\/\/www.vivacars.es\/de\/wp-content\/uploads\/sites\/4\/2019\/06\/renault-clio.jpg\" data-bg=\"p:right center;\" data-panzoom=\"d:10000;ss:100;se:115;\" data-no-retina>\n<!--\n\t\t\t\t\t\t\t--><rs-layer\n\t\t\t\t\t\t\t\tid=\"slider-5-slide-11-layer-1\" \n\t\t\t\t\t\t\t\tdata-type=\"text\"\n\t\t\t\t\t\t\t\tdata-color=\"#ff3a2d\"\n\t\t\t\t\t\t\t\tdata-rsp_ch=\"on\"\n\t\t\t\t\t\t\t\tdata-xy=\"x:c;y:46px;\"\n\t\t\t\t\t\t\t\tdata-text=\"s:40;l:22;a:inherit;\"\n\t\t\t\t\t\t\t\tdata-frame_0=\"tp:600;\"\n\t\t\t\t\t\t\t\tdata-frame_1=\"tp:600;st:490;sp:2790;sR:490;\"\n\t\t\t\t\t\t\t\tdata-frame_999=\"o:0;tp:600;st:w;sR:5720;\"\n\t\t\t\t\t\t\t\tstyle=\"z-index:11;font-family:'Baloo Bhaina';\"\n\t\t\t\t\t\t\t>Wir liefern das Auto in Calpe, wohin Sie wollen \n\t\t\t\t\t\t\t<\/rs-layer><!--\n\n\t\t\t\t\t\t\t--><rs-layer\n\t\t\t\t\t\t\t\tid=\"slider-5-slide-11-layer-2\" \n\t\t\t\t\t\t\t\tdata-type=\"text\"\n\t\t\t\t\t\t\t\tdata-color=\"#007aff\"\n\t\t\t\t\t\t\t\tdata-rsp_ch=\"on\"\n\t\t\t\t\t\t\t\tdata-xy=\"x:131px;y:98px;\"\n\t\t\t\t\t\t\t\tdata-text=\"s:45;l:22;a:inherit;\"\n\t\t\t\t\t\t\t\tdata-frame_0=\"tp:600;\"\n\t\t\t\t\t\t\t\tdata-frame_1=\"tp:600;st:2950;sp:2510;sR:2950;\"\n\t\t\t\t\t\t\t\tdata-frame_999=\"o:0;tp:600;st:w;sR:3540;\"\n\t\t\t\t\t\t\t\tstyle=\"z-index:10;font-family:'Baloo Bhaina';\"\n\t\t\t\t\t\t\t>Hotels \n\t\t\t\t\t\t\t<\/rs-layer><!--\n\n\t\t\t\t\t\t\t--><rs-layer\n\t\t\t\t\t\t\t\tid=\"slider-5-slide-11-layer-3\" \n\t\t\t\t\t\t\t\tdata-type=\"text\"\n\t\t\t\t\t\t\t\tdata-color=\"#007aff\"\n\t\t\t\t\t\t\t\tdata-rsp_ch=\"on\"\n\t\t\t\t\t\t\t\tdata-xy=\"x:129px;y:152px;\"\n\t\t\t\t\t\t\t\tdata-text=\"s:45;l:22;a:inherit;\"\n\t\t\t\t\t\t\t\tdata-frame_0=\"tp:600;\"\n\t\t\t\t\t\t\t\tdata-frame_1=\"tp:600;st:4200;sp:2420;sR:4200;\"\n\t\t\t\t\t\t\t\tdata-frame_999=\"o:0;tp:600;st:w;sR:2380;\"\n\t\t\t\t\t\t\t\tstyle=\"z-index:12;font-family:'Baloo Bhaina';\"\n\t\t\t\t\t\t\t>Appartements \n\t\t\t\t\t\t\t<\/rs-layer><!--\n\n\t\t\t\t\t\t\t--><rs-layer\n\t\t\t\t\t\t\t\tid=\"slider-5-slide-11-layer-4\" \n\t\t\t\t\t\t\t\tdata-type=\"text\"\n\t\t\t\t\t\t\t\tdata-color=\"#007aff\"\n\t\t\t\t\t\t\t\tdata-rsp_ch=\"on\"\n\t\t\t\t\t\t\t\tdata-xy=\"x:127px;y:207px;\"\n\t\t\t\t\t\t\t\tdata-text=\"s:45;l:22;a:inherit;\"\n\t\t\t\t\t\t\t\tdata-frame_0=\"tp:600;\"\n\t\t\t\t\t\t\t\tdata-frame_1=\"tp:600;st:5510;sp:2380;sR:5510;\"\n\t\t\t\t\t\t\t\tdata-frame_999=\"o:0;tp:600;st:w;sR:1110;\"\n\t\t\t\t\t\t\t\tstyle=\"z-index:13;font-family:'Baloo Bhaina';\"\n\t\t\t\t\t\t\t>Frei Haus \n\t\t\t\t\t\t\t<\/rs-layer><!--\n\n\t\t\t\t\t\t\t--><rs-layer\n\t\t\t\t\t\t\t\tid=\"slider-5-slide-11-layer-5\" \n\t\t\t\t\t\t\t\tclass=\"tp-shape tp-shapewrapper\"\n\t\t\t\t\t\t\t\tdata-type=\"shape\"\n\t\t\t\t\t\t\t\tdata-rsp_ch=\"on\"\n\t\t\t\t\t\t\t\tdata-xy=\"x:117px;y:23px;\"\n\t\t\t\t\t\t\t\tdata-text=\"a:inherit;\"\n\t\t\t\t\t\t\t\tdata-dim=\"w:1051px;h:62;\"\n\t\t\t\t\t\t\t\tdata-frame_0=\"tp:600;\"\n\t\t\t\t\t\t\t\tdata-frame_1=\"tp:600;st:2100;sp:3020;sR:2100;\"\n\t\t\t\t\t\t\t\tdata-frame_999=\"o:0;tp:600;st:w;sR:3880;\"\n\t\t\t\t\t\t\t\tstyle=\"z-index:5;background-color:rgba(255,255,255,0.5);\"\n\t\t\t\t\t\t\t> \n\t\t\t\t\t\t\t<\/rs-layer><!--\n\n\t\t\t\t\t\t\t--><rs-layer\n\t\t\t\t\t\t\t\tid=\"slider-5-slide-11-layer-6\" \n\t\t\t\t\t\t\t\tclass=\"tp-shape tp-shapewrapper\"\n\t\t\t\t\t\t\t\tdata-type=\"shape\"\n\t\t\t\t\t\t\t\tdata-rsp_ch=\"on\"\n\t\t\t\t\t\t\t\tdata-xy=\"x:118px;y:87px;\"\n\t\t\t\t\t\t\t\tdata-text=\"a:inherit;\"\n\t\t\t\t\t\t\t\tdata-dim=\"w:317px;h:150;\"\n\t\t\t\t\t\t\t\tdata-frame_0=\"tp:600;\"\n\t\t\t\t\t\t\t\tdata-frame_1=\"tp:600;st:3680;sp:2880;sR:3680;\"\n\t\t\t\t\t\t\t\tdata-frame_999=\"o:0;tp:600;st:w;sR:2440;\"\n\t\t\t\t\t\t\t\tstyle=\"z-index:9;background-color:rgba(255,255,255,0.5);\"\n\t\t\t\t\t\t\t> \n\t\t\t\t\t\t\t<\/rs-layer><!--\n-->\t\t\t\t\t<\/rs-slide>\n\t\t\t\t\t\t<rs-slide style=\"position: absolute;\" data-key=\"rs-12\" data-title=\"Slide\" data-thumb=\"\/\/www.vivacars.es\/de\/wp-content\/uploads\/sites\/4\/2019\/06\/peugeot-208-100x50.jpg\" data-anim=\"ms:600;r:0;\" data-in=\"o:0;\" data-out=\"a:false;\">\n\t\t\t\t\t\t\t<img decoding=\"async\" src=\"\/\/www.vivacars.es\/de\/wp-content\/plugins\/revslider\/sr6\/assets\/assets\/dummy.png\" alt=\"\" title=\"peugeot-208\" width=\"1280\" height=\"512\" class=\"rev-slidebg tp-rs-img rs-lazyload\" data-lazyload=\"\/\/www.vivacars.es\/de\/wp-content\/uploads\/sites\/4\/2019\/06\/peugeot-208.jpg\" data-panzoom=\"d:10000;ss:100;se:115;\" data-no-retina>\n<!--\n\t\t\t\t\t\t\t--><rs-layer\n\t\t\t\t\t\t\t\tid=\"slider-5-slide-12-layer-1\" \n\t\t\t\t\t\t\t\tdata-type=\"text\"\n\t\t\t\t\t\t\t\tdata-color=\"#2d70ff\"\n\t\t\t\t\t\t\t\tdata-rsp_ch=\"on\"\n\t\t\t\t\t\t\t\tdata-xy=\"x:c;y:33px;\"\n\t\t\t\t\t\t\t\tdata-text=\"s:45;l:22;a:center;\"\n\t\t\t\t\t\t\t\tdata-frame_0=\"y:50px;tp:600;\"\n\t\t\t\t\t\t\t\tdata-frame_1=\"tp:600;st:610;sp:3640;sR:610;\"\n\t\t\t\t\t\t\t\tdata-frame_999=\"o:0;tp:600;st:w;sR:4750;\"\n\t\t\t\t\t\t\t\tstyle=\"z-index:6;font-family:'Baloo Bhaina';\"\n\t\t\t\t\t\t\t>Genie\u00dfen Sie eine wohlverdiente Erholung \n\t\t\t\t\t\t\t<\/rs-layer><!--\n\n\t\t\t\t\t\t\t--><rs-layer\n\t\t\t\t\t\t\t\tid=\"slider-5-slide-12-layer-2\" \n\t\t\t\t\t\t\t\tdata-type=\"text\"\n\t\t\t\t\t\t\t\tdata-color=\"#e52222\"\n\t\t\t\t\t\t\t\tdata-rsp_ch=\"on\"\n\t\t\t\t\t\t\t\tdata-xy=\"x:c;y:90px;\"\n\t\t\t\t\t\t\t\tdata-text=\"s:45;l:22;a:center;\"\n\t\t\t\t\t\t\t\tdata-frame_0=\"y:50px;tp:600;\"\n\t\t\t\t\t\t\t\tdata-frame_1=\"tp:600;st:3670;sp:3880;sR:3670;\"\n\t\t\t\t\t\t\t\tdata-frame_999=\"o:0;tp:600;st:w;sR:1450;\"\n\t\t\t\t\t\t\t\tstyle=\"z-index:7;font-family:'Baloo Bhaina';\"\n\t\t\t\t\t\t\t>Unsere Autos sind versichert und vollst\u00e4ndig gepr\u00fcft. \n\t\t\t\t\t\t\t<\/rs-layer><!--\n\n\t\t\t\t\t\t\t--><rs-layer\n\t\t\t\t\t\t\t\tid=\"slider-5-slide-12-layer-3\" \n\t\t\t\t\t\t\t\tclass=\"tp-shape tp-shapewrapper\"\n\t\t\t\t\t\t\t\tdata-type=\"shape\"\n\t\t\t\t\t\t\t\tdata-rsp_ch=\"on\"\n\t\t\t\t\t\t\t\tdata-xy=\"x:30px;y:10px;\"\n\t\t\t\t\t\t\t\tdata-text=\"a:inherit;\"\n\t\t\t\t\t\t\t\tdata-dim=\"w:1220px;h:119px;\"\n\t\t\t\t\t\t\t\tdata-frame_0=\"tp:600;\"\n\t\t\t\t\t\t\t\tdata-frame_1=\"tp:600;st:1240;sp:4900;sR:1240;\"\n\t\t\t\t\t\t\t\tdata-frame_999=\"o:0;tp:600;st:w;sR:2860;\"\n\t\t\t\t\t\t\t\tstyle=\"z-index:5;background-color:rgba(255,255,255,0.6);\"\n\t\t\t\t\t\t\t> \n\t\t\t\t\t\t\t<\/rs-layer><!--\n-->\t\t\t\t\t<\/rs-slide>\n\t\t\t\t\t<\/rs-slides>\n\t\t\t\t<\/rs-module>\n\t\t\t\t<script>\n\t\t\t\t\tsetREVStartSize({c: 'rev_slider_5_1',rl:[1240,1024,768,480],el:[512],gw:[1280],gh:[512],type:'standard',justify:'',layout:'fullwidth',mh:\"0\"});if (window.RS_MODULES!==undefined && window.RS_MODULES.modules!==undefined && window.RS_MODULES.modules[\"revslider51\"]!==undefined) {window.RS_MODULES.modules[\"revslider51\"].once = false;window.revapi5 = undefined;if (window.RS_MODULES.checkMinimal!==undefined) window.RS_MODULES.checkMinimal()}\n\t\t\t\t<\/script>\n\t\t\t<\/rs-module-wrap>\n\t\t\t<!-- END REVOLUTION SLIDER -->\n<\/div><\/div><\/div><div class=\"fusion-clearfix\"><\/div><\/div><\/div><div class=\"fusion-layout-column fusion_builder_column fusion-builder-column-1 fusion_builder_column_1_3 1_3 fusion-one-third fusion-column-last fusion-animated\" style=\"--awb-bg-size:cover;width:33.333333333333%;width:calc(33.333333333333% - ( ( 4% ) * 0.33333333333333 ) );\" data-animationType=\"slideInUp\" data-animationDuration=\"1.0\" data-animationOffset=\"top-into-view\"><div class=\"fusion-column-wrapper fusion-column-has-shadow fusion-flex-column-wrapper-legacy\"><div class=\"fusion-column-content-centered\"><div class=\"fusion-column-content\"><div class=\"fusion-text fusion-text-1\"><h1 style=\"text-align: center;\"><span style=\"color: #c40c0c;\">Autovermietung in Calpe und Alicante Flughafen<\/span><\/h1>\n<\/div><div class=\"fusion-text fusion-text-2\"><div align=\"center\"><iframe style=\"width: 100%; height: 430px;\" src=\"https:\/\/reservas.vivacars.es\/?search=1&amp;idioma=de\" width=\"300\" height=\"150\" frameborder=\"0\" scrolling=\"no\"><br \/>\n<\/iframe><\/div>\n<div align=\"center\"><span style=\"color: #bd2222;\"><a style=\"color: #bd2222;\" href=\"https:\/\/reservas.vivacars.es\/?login=1&amp;idioma=de\" target=\"_blank\" rel=\"noopener\">Agenten \/ Registrierte Kunden<\/a><\/span><\/div>\n<\/div><\/div><\/div><div class=\"fusion-clearfix\"><\/div><\/div><\/div><\/div><\/div><div class=\"fusion-fullwidth fullwidth-box fusion-builder-row-2 fusion-parallax-none hundred-percent-fullwidth non-hundred-percent-height-scrolling fusion-no-medium-visibility fusion-no-large-visibility\" style=\"--awb-border-radius-top-left:0px;--awb-border-radius-top-right:0px;--awb-border-radius-bottom-right:0px;--awb-border-radius-bottom-left:0px;--awb-margin-top:-60px;--awb-background-image:url(&quot;https:\/\/www.vivacars.es\/de\/wp-content\/uploads\/sites\/4\/2019\/06\/IMG-20190618-WA0004.jpg&quot;);--awb-background-size:cover;--awb-flex-wrap:wrap;\" ><div class=\"fusion-builder-row fusion-row\"><div class=\"fusion-layout-column fusion_builder_column fusion-builder-column-2 fusion_builder_column_1_1 1_1 fusion-one-full fusion-column-first fusion-column-last\" style=\"--awb-bg-color:rgba(255,255,255,0.93);--awb-bg-color-hover:rgba(255,255,255,0.93);--awb-bg-size:cover;--awb-margin-bottom:35px;\"><div class=\"fusion-column-wrapper fusion-column-has-shadow fusion-flex-column-wrapper-legacy\"><div class=\"fusion-column-content-centered\"><div class=\"fusion-column-content\"><div class=\"fusion-text fusion-text-3\"><h1 style=\"text-align: center;\"><span style=\"color: #c40c0c;\">Autovermietung in Calpe und Alicante Flughafen<\/span><\/h1>\n<\/div><div class=\"fusion-text fusion-text-4\"><div align=\"center\"><iframe style=\"width: 100%; height: 430px;\" src=\"https:\/\/reservas.vivacars.es\/?search=1&amp;cookie=1&amp;idioma=de\" width=\"300\" height=\"150\" frameborder=\"0\" scrolling=\"no\"><br \/>\n<\/iframe><\/div>\n<div align=\"center\"><span style=\"color: #bd2222;\"><a style=\"color: #bd2222;\" href=\"https:\/\/reservas.vivacars.es\/?login=1&amp;idioma=de\" target=\"_blank\" rel=\"noopener\">Agenten \/ Registrierte Kunden<\/a><\/span><\/div>\n<\/div><\/div><\/div><div class=\"fusion-clearfix\"><\/div><\/div><\/div><\/div><\/div><div class=\"fusion-fullwidth fullwidth-box fusion-builder-row-3 nonhundred-percent-fullwidth non-hundred-percent-height-scrolling\" style=\"--awb-background-position:left top;--awb-border-radius-top-left:0px;--awb-border-radius-top-right:0px;--awb-border-radius-bottom-right:0px;--awb-border-radius-bottom-left:0px;--awb-padding-top:20px;--awb-padding-bottom:20px;--awb-border-sizes-top:0px;--awb-border-sizes-bottom:0px;--awb-flex-wrap:wrap;\" ><div class=\"fusion-builder-row fusion-row\"><div class=\"fusion-layout-column fusion_builder_column fusion-builder-column-3 fusion_builder_column_1_1 1_1 fusion-one-full fusion-column-first fusion-column-last fusion-column-no-min-height\" style=\"--awb-bg-size:cover;--awb-margin-bottom:0px;\"><div class=\"fusion-column-wrapper fusion-flex-column-wrapper-legacy\"><div class=\"fusion-flip-boxes flip-boxes row fusion-columns-3 flip-effect-classic\"><div class=\"fusion-flip-box-wrapper fusion-column col-lg-4 col-md-4 col-sm-4\"><div class=\"fusion-flip-box flip-right\" tabindex=\"0\"><div class=\"flip-box-inner-wrapper\"><div class=\"flip-box-front\" style=\"--awb-border-size:1px;--awb-border-radius:4px;\"><div class=\"flip-box-front-inner\"><div class=\"flip-box-grafix flip-box-image\"><img decoding=\"async\" src=\"https:\/\/www.vivacars.es\/de\/wp-content\/uploads\/sites\/4\/2020\/03\/cochescalpe.jpg\" width=\"400\" height=\"300\" alt=\"\" \/><\/div><h2 class=\"flip-box-heading\">24-Stunden-Service<\/h2>Sie k\u00f6nnen uns jederzeit anrufen, um Ihre Reservierung vorzunehmen +34 645 050 698<\/div><\/div><div class=\"flip-box-back\" style=\"--awb-border-size:1px;--awb-border-radius:4px;\"><div class=\"flip-box-back-inner\"><h3 class=\"flip-box-heading-back\">RUFEN SIE UNS EINFACH AN<\/h3>\n<p>Unsere Mietwagen-Experten beraten Sie gerne pers\u00f6nlich.<br \/>\nF\u00fcr Fragen, Reservierungen und sonstige Anliegen, stehen wir jederzeit gerne zur Verf\u00fcgung.<\/p>\n<\/div><\/div><\/div><\/div><\/div><div class=\"fusion-flip-box-wrapper fusion-column col-lg-4 col-md-4 col-sm-4\"><div class=\"fusion-flip-box flip-right\" tabindex=\"0\"><div class=\"flip-box-inner-wrapper\"><div class=\"flip-box-front\" style=\"--awb-border-size:1px;--awb-border-radius:4px;\"><div class=\"flip-box-front-inner\"><div class=\"flip-box-grafix flip-box-image\"><img decoding=\"async\" src=\"https:\/\/www.vivacars.es\/de\/wp-content\/uploads\/sites\/4\/2019\/06\/oficina-calpe.jpg\" width=\"400\" height=\"300\" alt=\"\" \/><\/div><h2 class=\"flip-box-heading\">B\u00fcro im Zentrum von Calpe<\/h2>Wir liefern an Privathaushalte, Hotels und Wohnungen.<\/div><\/div><div class=\"flip-box-back\" style=\"--awb-border-size:1px;--awb-border-radius:4px;\"><div class=\"flip-box-back-inner\"><h3 class=\"flip-box-heading-back\">DIE LIEFERUNG \u00dcBERALL, WO SIE UNS BRAUCHEN<\/h3>\n<p>Zustellung und Abholung Ihres Mietwagens an jedem gew\u00fcnschten Ort an der Costa Blanca (die zus\u00e4tzlichen Kosten k\u00f6nnen erforderlich sein).<\/p>\n<\/div><\/div><\/div><\/div><\/div><div class=\"fusion-flip-box-wrapper fusion-column col-lg-4 col-md-4 col-sm-4\"><div class=\"fusion-flip-box flip-right\" tabindex=\"0\"><div class=\"flip-box-inner-wrapper\"><div class=\"flip-box-front\" style=\"--awb-border-size:1px;--awb-border-radius:4px;\"><div class=\"flip-box-front-inner\"><div class=\"flip-box-grafix flip-box-image\"><img decoding=\"async\" src=\"https:\/\/www.vivacars.es\/de\/wp-content\/uploads\/sites\/4\/2019\/06\/coche-aeropuerto.jpg\" width=\"400\" height=\"300\" alt=\"\" \/><\/div><h2 class=\"flip-box-heading\">Flughafenauslieferungen<\/h2>Bei Ihrer Ankunft wartet der Mietwagen am Flughafen auf Sie.<\/div><\/div><div class=\"flip-box-back\" style=\"--awb-border-size:1px;--awb-border-radius:4px;\"><div class=\"flip-box-back-inner\"><h3 class=\"flip-box-heading-back\">IHR AUTO WARTET AUF SIE<\/h3>Wir k\u00f6nnen Ihren Mietwagen ohne Aufpreis zum Flughafen Alicante bringen. Alles f\u00fcr Ihren Komfort!<\/div><\/div><\/div><\/div><\/div><\/div><div class=\"clearfix\"><\/div><div class=\"fusion-clearfix\"><\/div><\/div><\/div><\/div><\/div><div class=\"fusion-fullwidth fullwidth-box fusion-builder-row-4 fusion-flex-container has-pattern-background has-mask-background nonhundred-percent-fullwidth non-hundred-percent-height-scrolling\" style=\"--awb-border-radius-top-left:0px;--awb-border-radius-top-right:0px;--awb-border-radius-bottom-right:0px;--awb-border-radius-bottom-left:0px;--awb-flex-wrap:wrap;\" ><div class=\"fusion-builder-row fusion-row fusion-flex-align-items-flex-start fusion-flex-content-wrap\" style=\"max-width:1144px;margin-left: calc(-4% \/ 2 );margin-right: calc(-4% \/ 2 );\"><div class=\"fusion-layout-column fusion_builder_column fusion-builder-column-4 fusion_builder_column_1_1 1_1 fusion-flex-column\" style=\"--awb-bg-size:cover;--awb-width-large:100%;--awb-margin-top-large:0px;--awb-spacing-right-large:1.92%;--awb-margin-bottom-large:20px;--awb-spacing-left-large:1.92%;--awb-width-medium:100%;--awb-order-medium:0;--awb-spacing-right-medium:1.92%;--awb-spacing-left-medium:1.92%;--awb-width-small:100%;--awb-order-small:0;--awb-spacing-right-small:1.92%;--awb-spacing-left-small:1.92%;\"><div class=\"fusion-column-wrapper fusion-column-has-shadow fusion-flex-justify-content-flex-start fusion-content-layout-column\"><div class=\"wp-gr rpi wpac\" data-id=\"12226\" data-layout=\"slider\" data-exec=\"false\" data-options='{&quot;text_size&quot;:&quot;&quot;,&quot;trans&quot;:{&quot;read more&quot;:&quot;leer m\\u00e1s&quot;}}'><svg xmlns=\"http:\/\/www.w3.org\/2000\/svg\" style=\"display:none!important\"><symbol id=\"grw-tripadvisor\" viewBox=\"0 0 713.496 713.496\"><g><circle fill=\"#34E0A1\" cx=\"356.749\" cy=\"356.748\" r=\"356.748\"\/><path d=\"M577.095,287.152l43.049-46.836h-95.465c-47.792-32.646-105.51-51.659-167.931-51.659   c-62.342,0-119.899,19.054-167.612,51.659H93.432l43.049,46.836c-26.387,24.075-42.929,58.754-42.929,97.259   c0,72.665,58.914,131.578,131.579,131.578c34.519,0,65.968-13.313,89.446-35.077l42.172,45.919l42.172-45.879   c23.478,21.764,54.887,35.037,89.406,35.037c72.665,0,131.658-58.913,131.658-131.578   C620.024,345.866,603.483,311.188,577.095,287.152z M225.17,473.458c-49.188,0-89.047-39.859-89.047-89.047   s39.86-89.048,89.047-89.048c49.187,0,89.047,39.86,89.047,89.048S274.357,473.458,225.17,473.458z M356.788,381.82   c0-58.595-42.61-108.898-98.853-130.383c30.413-12.716,63.776-19.771,98.813-19.771s68.439,7.055,98.853,19.771   C399.399,272.962,356.788,323.226,356.788,381.82z M488.367,473.458c-49.188,0-89.048-39.859-89.048-89.047   s39.86-89.048,89.048-89.048s89.047,39.86,89.047,89.048S537.554,473.458,488.367,473.458z M488.367,337.694   c-25.79,0-46.677,20.887-46.677,46.677c0,25.789,20.887,46.676,46.677,46.676c25.789,0,46.676-20.887,46.676-46.676   C535.042,358.621,514.156,337.694,488.367,337.694z M271.846,384.411c0,25.789-20.887,46.676-46.676,46.676   s-46.676-20.887-46.676-46.676c0-25.79,20.887-46.677,46.676-46.677C250.959,337.694,271.846,358.621,271.846,384.411z\"\/><\/g><\/symbol><symbol id=\"grw-google\" viewBox=\"0 0 512 512\"><g fill=\"none\" fill-rule=\"evenodd\"><path d=\"M482.56 261.36c0-16.73-1.5-32.83-4.29-48.27H256v91.29h127.01c-5.47 29.5-22.1 54.49-47.09 71.23v59.21h76.27c44.63-41.09 70.37-101.59 70.37-173.46z\" fill=\"#4285f4\"\/><path d=\"M256 492c63.72 0 117.14-21.13 156.19-57.18l-76.27-59.21c-21.13 14.16-48.17 22.53-79.92 22.53-61.47 0-113.49-41.51-132.05-97.3H45.1v61.15c38.83 77.13 118.64 130.01 210.9 130.01z\" fill=\"#34a853\"\/><path d=\"M123.95 300.84c-4.72-14.16-7.4-29.29-7.4-44.84s2.68-30.68 7.4-44.84V150.01H45.1C29.12 181.87 20 217.92 20 256c0 38.08 9.12 74.13 25.1 105.99l78.85-61.15z\" fill=\"#fbbc05\"\/><path d=\"M256 113.86c34.65 0 65.76 11.91 90.22 35.29l67.69-67.69C373.03 43.39 319.61 20 256 20c-92.25 0-172.07 52.89-210.9 130.01l78.85 61.15c18.56-55.78 70.59-97.3 132.05-97.3z\" fill=\"#ea4335\"\/><path d=\"M20 20h472v472H20V20z\"\/><\/g><\/symbol><\/svg><div class=\"grw-row grw-row-m\" data-options='{\"speed\":3,\"autoplay\":true,\"mousestop\":true,\"breakpoints\":\"\"}'><div class=\"grw-header\"><div class=\"grw-header-inner rpi-flx rpi-row12\"><div class=\"grw-img-wrap\"><img decoding=\"async\" class=\"grw-img\" src=\"https:\/\/lh3.googleusercontent.com\/places\/AJQcZqKXmjpgnCtQDvjaXpBhMiMrGQKUfA4fdfgoESF41qrA42yH-rMY7NToUx3KgHbqopibsQXwSuK6CY0Bv9H3ocXVil7d25X4XB0=s1600-w300-h300\" loading=\"lazy\" alt=\"Viva Cars Rent a Car &amp; Scooter Calpe place picture\" width=\"50\" height=\"50\" onerror=\"if(this.src!='data:image\/gif;base64,R0lGODlhAQABAIAAAAAAAP\/\/\/yH5BAEAAAAALAAAAAABAAEAAAIBRAA7')this.src='data:image\/gif;base64,R0lGODlhAQABAIAAAAAAAP\/\/\/yH5BAEAAAAALAAAAAABAAEAAAIBRAA7';\" ><\/div><div class=\"rpi-flx rpi-col8\"><div class=\"wp-google-name\"><a href=\"https:\/\/maps.google.com\/?cid=14606408903789951881\" target=\"_blank\" rel=\"nofollow noopener\">Viva Cars Rent a Car &amp; Scooter Calpe<\/a><\/div><span class=\"rpi-stars\" style=\"--rating:4.5\">4.5<\/span><div class=\"wp-google-based\">Basado en 155 rese\u00f1as. <\/div><div class=\"wp-google-powered\">powered by <span><span style=\"color:#3c6df0!important\">G<\/span><span style=\"color:#d93025!important\">o<\/span><span style=\"color:#fb8e28!important\">o<\/span><span style=\"color:#3c6df0!important\">g<\/span><span style=\"color:#188038!important\">l<\/span><span style=\"color:#d93025!important\">e<\/span><\/span><\/div><div class=\"wp-google-wr\"><a href=\"https:\/\/search.google.com\/local\/writereview?placeid=ChIJSZtUWHP_nRIRibuAioJjtMo\" target=\"_blank\" rel=\"nofollow noopener\" onclick=\"return rplg_leave_review_window.call(this)\">val\u00f3ranos en<svg height=\"16\" width=\"16\" role=\"none\"><use href=\"#grw-google\"><\/use><\/svg><\/a><\/div><\/div><\/div><\/div><div class=\"rpi-slides-root grw-content\"><div class=\"grw-content-inner\"><button class=\"rpi-ltgt rpi-lt grw-prev\" tabindex=\"0\"><\/button><div class=\"rpi-slides grw-reviews rpi-slides-bite\" data-count=\"5\" data-offset=\"5\"><div class=\"rpi-slide grw-review\"><div class=\"rpi-flx rpi-col12 grw-review-inner grw-backgnd\"><div class=\"rpi-flx rpi-row12-center\"><div class=\"grw-img-wrap\"><img decoding=\"async\" class=\"grw-img\" src=\"https:\/\/www.vivacars.es\/de\/wp-content\/uploads\/sites\/4\/2025\/12\/ChIJSZtUWHP_nRIRibuAioJjtMo_b73bc580a9827620d07c2cc71de24b7f.jpg\" loading=\"lazy\" alt=\"Marius-Emil Puscas profile picture\" width=\"50\" height=\"50\" onerror=\"if(this.src!='https:\/\/www.vivacars.es\/de\/wp-content\/plugins\/widget-google-reviews\/assets\/img\/guest.png')this.src='https:\/\/www.vivacars.es\/de\/wp-content\/plugins\/widget-google-reviews\/assets\/img\/guest.png';\" ><\/div><div class=\"rpi-flx rpi-col6\"><a href=\"https:\/\/www.google.com\/maps\/contrib\/118312929150590394428\/reviews\" class=\"wp-google-name\" target=\"_blank\" rel=\"nofollow noopener\">Marius-Emil Puscas<\/a><div class=\"wp-google-time\" data-time=\"1755814053\">22:07 21 Aug 25<\/div><\/div><\/div><span class=\"rpi-stars\" style=\"--rating:5\"><\/span><div class=\"rpi-flx rpi-col4\"><div class=\"wp-google-feedback grw-scroll\" ><\/div><\/div><svg height=\"16\" width=\"16\" role=\"none\"><use href=\"#grw-google\"\/><\/svg><\/div><\/div><div class=\"rpi-slide grw-review\"><div class=\"rpi-flx rpi-col12 grw-review-inner grw-backgnd\"><div class=\"rpi-flx rpi-row12-center\"><div class=\"grw-img-wrap\"><img decoding=\"async\" class=\"grw-img\" src=\"https:\/\/www.vivacars.es\/de\/wp-content\/uploads\/sites\/4\/2023\/04\/ChIJSZtUWHP_nRIRibuAioJjtMo_a2fd87f13e55ab6a38ebb27a77767ef0.jpg\" loading=\"lazy\" alt=\"Bernd Neef profile picture\" width=\"50\" height=\"50\" onerror=\"if(this.src!='https:\/\/www.vivacars.es\/de\/wp-content\/plugins\/widget-google-reviews\/assets\/img\/guest.png')this.src='https:\/\/www.vivacars.es\/de\/wp-content\/plugins\/widget-google-reviews\/assets\/img\/guest.png';\" ><\/div><div class=\"rpi-flx rpi-col6\"><a href=\"https:\/\/www.google.com\/maps\/contrib\/111391532018018913001\/reviews\" class=\"wp-google-name\" target=\"_blank\" rel=\"nofollow noopener\">Bernd Neef<\/a><div class=\"wp-google-time\" data-time=\"1675329589\">09:19 02 Feb 23<\/div><\/div><\/div><span class=\"rpi-stars\" style=\"--rating:5\"><\/span><div class=\"rpi-flx rpi-col4\"><div class=\"wp-google-feedback grw-scroll\" ><span class=\"wp-google-text\">Freundliches Personal. Sonst alles Ok<\/span><\/div><\/div><svg height=\"16\" width=\"16\" role=\"none\"><use href=\"#grw-google\"\/><\/svg><\/div><\/div><div class=\"rpi-slide grw-review\"><div class=\"rpi-flx rpi-col12 grw-review-inner grw-backgnd\"><div class=\"rpi-flx rpi-row12-center\"><div class=\"grw-img-wrap\"><img decoding=\"async\" class=\"grw-img\" src=\"https:\/\/www.vivacars.es\/de\/wp-content\/uploads\/sites\/4\/2023\/04\/ChIJSZtUWHP_nRIRibuAioJjtMo_7423cee8f4220bf8cfda1c687fecc1a2.jpg\" loading=\"lazy\" alt=\"Kfz Michi Seite profile picture\" width=\"50\" height=\"50\" onerror=\"if(this.src!='https:\/\/www.vivacars.es\/de\/wp-content\/plugins\/widget-google-reviews\/assets\/img\/guest.png')this.src='https:\/\/www.vivacars.es\/de\/wp-content\/plugins\/widget-google-reviews\/assets\/img\/guest.png';\" ><\/div><div class=\"rpi-flx rpi-col6\"><a href=\"https:\/\/www.google.com\/maps\/contrib\/109704198795521687134\/reviews\" class=\"wp-google-name\" target=\"_blank\" rel=\"nofollow noopener\">Kfz Michi Seite<\/a><div class=\"wp-google-time\" data-time=\"1659790685\">12:58 06 Aug 22<\/div><\/div><\/div><span class=\"rpi-stars\" style=\"--rating:5\"><\/span><div class=\"rpi-flx rpi-col4\"><div class=\"wp-google-feedback grw-scroll\" ><span class=\"wp-google-text\">Positiv, schnelle Hilfe. Top<\/span><\/div><\/div><svg height=\"16\" width=\"16\" role=\"none\"><use href=\"#grw-google\"\/><\/svg><\/div><\/div><div class=\"rpi-slide grw-review\"><div class=\"rpi-flx rpi-col12 grw-review-inner grw-backgnd\"><div class=\"rpi-flx rpi-row12-center\"><div class=\"grw-img-wrap\"><img decoding=\"async\" class=\"grw-img\" src=\"https:\/\/www.vivacars.es\/de\/wp-content\/uploads\/sites\/4\/2023\/04\/ChIJSZtUWHP_nRIRibuAioJjtMo_dafd06a9dec68261c418b3c4fc2fe67c.jpg\" loading=\"lazy\" alt=\"Chris Hohmann profile picture\" width=\"50\" height=\"50\" onerror=\"if(this.src!='https:\/\/www.vivacars.es\/de\/wp-content\/plugins\/widget-google-reviews\/assets\/img\/guest.png')this.src='https:\/\/www.vivacars.es\/de\/wp-content\/plugins\/widget-google-reviews\/assets\/img\/guest.png';\" ><\/div><div class=\"rpi-flx rpi-col6\"><a href=\"https:\/\/www.google.com\/maps\/contrib\/112774190754236897057\/reviews\" class=\"wp-google-name\" target=\"_blank\" rel=\"nofollow noopener\">Chris Hohmann<\/a><div class=\"wp-google-time\" data-time=\"1622724170\">12:42 03 Jun 21<\/div><\/div><\/div><span class=\"rpi-stars\" style=\"--rating:5\"><\/span><div class=\"rpi-flx rpi-col4\"><div class=\"wp-google-feedback grw-scroll\" ><span class=\"wp-google-text\">Super Preis!<br \/>Schnelle Abwicklung!<br \/>Gepflegte Autos, seri\u00f6se und schnelle Beratung!<br \/><br \/>Kann ich nur empfehlen. &#x2b50;&#xfe0f;&#x2b50;&#xfe0f;&#x2b50;&#xfe0f;&#x2b50;&#xfe0f;&#x2b50;&#xfe0f;<\/span><\/div><\/div><svg height=\"16\" width=\"16\" role=\"none\"><use href=\"#grw-google\"\/><\/svg><\/div><\/div><div class=\"rpi-slide grw-review\"><div class=\"rpi-flx rpi-col12 grw-review-inner grw-backgnd\"><div class=\"rpi-flx rpi-row12-center\"><div class=\"grw-img-wrap\"><img decoding=\"async\" class=\"grw-img\" src=\"https:\/\/www.vivacars.es\/de\/wp-content\/uploads\/sites\/4\/2023\/04\/ChIJSZtUWHP_nRIRibuAioJjtMo_666c465d670c25c87a7bc3b92bd6aaaf.jpg\" loading=\"lazy\" alt=\"D G profile picture\" width=\"50\" height=\"50\" onerror=\"if(this.src!='https:\/\/www.vivacars.es\/de\/wp-content\/plugins\/widget-google-reviews\/assets\/img\/guest.png')this.src='https:\/\/www.vivacars.es\/de\/wp-content\/plugins\/widget-google-reviews\/assets\/img\/guest.png';\" ><\/div><div class=\"rpi-flx rpi-col6\"><a href=\"https:\/\/www.google.com\/maps\/contrib\/111865395221198575082\/reviews\" class=\"wp-google-name\" target=\"_blank\" rel=\"nofollow noopener\">D G<\/a><div class=\"wp-google-time\" data-time=\"1600792908\">16:41 22 Sep 20<\/div><\/div><\/div><span class=\"rpi-stars\" style=\"--rating:5\"><\/span><div class=\"rpi-flx rpi-col4\"><div class=\"wp-google-feedback grw-scroll\" ><span class=\"wp-google-text\">Vern\u00fcnftige Autos zu fairen Preisen \ud83d\ude42<br \/><br \/>Wenn man ein Auto in Calpe leihen m\u00f6chte, dann ist man hier an der Richtigen Stelle. Das Personal nimmt sich Zeit f\u00fcr einen und vor allem ist alles sauber. Sehr korrekt und im Zweifel immer f\u00fcr den Mieter. Einfach ein Klasse Service \ud83d\ude42<\/span><\/div><\/div><svg height=\"16\" width=\"16\" role=\"none\"><use href=\"#grw-google\"\/><\/svg><\/div><\/div><\/div><button class=\"rpi-ltgt rpi-gt grw-next\" tabindex=\"0\"><\/button><div class=\"rpi-dots-wrap\"><div class=\"rpi-dots\"><\/div><\/div><\/div><\/div><\/div><script>(function(p){if(!p)return;let w=p.offsetWidth,m=function(a,b){return Math.min(a,b)===a};p.querySelector('.grw-row').classList.replace('grw-row-m','grw-row-'+(m(w,510)?'xs':m(w,750)?'x':m(w,1100)?'s':m(w,1450)?'m':m(w,1800)?'l':'xl'))})(document.currentScript?.parentElement)<\/script><\/div><\/div><\/div><\/div><\/div><div class=\"fusion-fullwidth fullwidth-box fusion-builder-row-5 nonhundred-percent-fullwidth non-hundred-percent-height-scrolling\" style=\"--awb-border-radius-top-left:0px;--awb-border-radius-top-right:0px;--awb-border-radius-bottom-right:0px;--awb-border-radius-bottom-left:0px;--awb-flex-wrap:wrap;\" ><div class=\"fusion-builder-row fusion-row\"><div class=\"fusion-layout-column fusion_builder_column fusion-builder-column-5 fusion_builder_column_1_1 1_1 fusion-one-full fusion-column-first fusion-column-last\" style=\"--awb-bg-size:cover;\"><div class=\"fusion-column-wrapper fusion-column-has-shadow fusion-flex-column-wrapper-legacy\"><div class=\"fusion-title title fusion-title-1 fusion-title-center fusion-title-text fusion-title-size-one\" style=\"--awb-margin-top-small:0px;--awb-margin-right-small:0px;--awb-margin-bottom-small:20px;--awb-margin-left-small:0px;\"><div class=\"title-sep-container title-sep-container-left\"><div class=\"title-sep sep- sep-solid\" style=\"border-color:#e0dede;\"><\/div><\/div><span class=\"awb-title-spacer\"><\/span><h1 class=\"fusion-title-heading title-heading-center fusion-responsive-typography-calculated\" style=\"margin:0;--fontSize:33;line-height:1.45;\"><h1 style=\"text-align: center;\">VIVA RELAX (All Risks Insurance)<\/h1><\/h1><span class=\"awb-title-spacer\"><\/span><div class=\"title-sep-container title-sep-container-right\"><div class=\"title-sep sep- sep-solid\" style=\"border-color:#e0dede;\"><\/div><\/div><\/div><div class=\"fusion-clearfix\"><\/div><\/div><\/div><\/div><\/div><div class=\"fusion-fullwidth fullwidth-box fusion-builder-row-6 nonhundred-percent-fullwidth non-hundred-percent-height-scrolling\" style=\"--awb-border-radius-top-left:0px;--awb-border-radius-top-right:0px;--awb-border-radius-bottom-right:0px;--awb-border-radius-bottom-left:0px;--awb-padding-right:15px;--awb-padding-left:15px;--awb-flex-wrap:wrap;\" ><div class=\"fusion-builder-row fusion-row\"><div class=\"fusion-layout-column fusion_builder_column fusion-builder-column-6 fusion_builder_column_1_1 1_1 fusion-one-full fusion-column-first fusion-column-last fusion-column-no-min-height\" style=\"--awb-bg-size:cover;--awb-margin-bottom:0px;\"><div class=\"fusion-column-wrapper fusion-column-has-shadow fusion-flex-column-wrapper-legacy\"><div class=\"fusion-title title fusion-title-2 sep-underline sep-solid fusion-title-text fusion-title-size-two\" style=\"--awb-margin-top-small:0px;--awb-margin-right-small:0px;--awb-margin-bottom-small:20px;--awb-margin-left-small:0px;\"><h2 class=\"fusion-title-heading title-heading-left fusion-responsive-typography-calculated\" style=\"margin:0;--fontSize:18;--minFontSize:18;line-height:1.5;\">Keine Sorgen mehr in Ihrem Urlaub. Viva Cars bietet Ihnen den besten Mietwagen-Service in Calpe (Alicante).<\/h2><\/div><div class=\"fusion-clearfix\"><\/div><\/div><\/div><div class=\"fusion-layout-column fusion_builder_column fusion-builder-column-7 fusion_builder_column_2_3 2_3 fusion-two-third fusion-column-first\" style=\"--awb-bg-size:cover;width:65.3333%; margin-right: 4%;\"><div class=\"fusion-column-wrapper fusion-column-has-shadow fusion-flex-column-wrapper-legacy\"><div class=\"fusion-image-element fusion-image-align-center in-legacy-container\" style=\"text-align:center;--awb-caption-title-font-family:var(--h2_typography-font-family);--awb-caption-title-font-weight:var(--h2_typography-font-weight);--awb-caption-title-font-style:var(--h2_typography-font-style);--awb-caption-title-size:var(--h2_typography-font-size);--awb-caption-title-transform:var(--h2_typography-text-transform);--awb-caption-title-line-height:var(--h2_typography-line-height);--awb-caption-title-letter-spacing:var(--h2_typography-letter-spacing);\"><div class=\"imageframe-align-center\"><span class=\" fusion-imageframe imageframe-none imageframe-1 hover-type-none fusion-animated\" data-animationType=\"slideInLeft\" data-animationDuration=\"1.0\" data-animationOffset=\"top-into-view\"><img decoding=\"async\" width=\"800\" height=\"773\" title=\"vivarelax\" src=\"https:\/\/www.vivacars.es\/de\/wp-content\/uploads\/sites\/4\/2019\/06\/vivarelax.jpg\" alt class=\"img-responsive wp-image-11968\" srcset=\"https:\/\/www.vivacars.es\/de\/wp-content\/uploads\/sites\/4\/2019\/06\/vivarelax-200x193.jpg 200w, https:\/\/www.vivacars.es\/de\/wp-content\/uploads\/sites\/4\/2019\/06\/vivarelax-400x387.jpg 400w, https:\/\/www.vivacars.es\/de\/wp-content\/uploads\/sites\/4\/2019\/06\/vivarelax-600x580.jpg 600w, https:\/\/www.vivacars.es\/de\/wp-content\/uploads\/sites\/4\/2019\/06\/vivarelax.jpg 800w\" sizes=\"(max-width: 800px) 100vw, 800px\" \/><\/span><\/div><\/div><div class=\"fusion-clearfix\"><\/div><\/div><\/div><div class=\"fusion-layout-column fusion_builder_column fusion-builder-column-8 fusion_builder_column_1_3 1_3 fusion-one-third fusion-column-last\" style=\"--awb-bg-size:cover;width:30.6666%;\"><div class=\"fusion-column-wrapper fusion-column-has-shadow fusion-flex-column-wrapper-legacy\"><div class=\"fusion-text fusion-text-5\"><p>AUTOVERMIETUNG MIT VOLLKASKOVERSICHERUNG OHNE SELBSTBETEILIGUNG<\/p>\n<ul>\n<li>Gesamtdeckung (Damit Ihre Ferien\/Verschiebungen diese TRANQUILO genie\u00dfen).<\/li>\n<li>24-Stunden-Service<\/li>\n<li>Sofortiger Austausch der Fahrzeuge im Falle einer Panne oder Besch\u00e4digung.<\/li>\n<li>Keine Kaution erforderlich.<\/li>\n<\/ul>\n<\/div><div class=\"fusion-sep-clear\"><\/div><div class=\"fusion-separator fusion-full-width-sep\" style=\"margin-left: auto;margin-right: auto;margin-bottom:10px;width:100%;\"><\/div><div class=\"fusion-sep-clear\"><\/div><div class=\"fusion-text fusion-text-6\"><p>WAS ES NICHT VIVA RELAX ABDECKT (Vollkaskoversicherung)<\/p>\n<ul>\n<li>Sch\u00e4den am Motor durch Betankungsfehler oder Fahrl\u00e4ssigkeit.<\/li>\n<li>Besch\u00e4digung des Fahrzeuginnenraums (wenn kein Unfall vorliegt).<\/li>\n<li>Rettung des Fahrzeugs an Orten, die f\u00fcr den Zugang ungeeignet sind.<\/li>\n<li>Kosten, die durch die Verwaltung oder die Zahlung von Bu\u00dfgeldern aller Art entstehen.<\/li>\n<li>Bruch von Seitenscheiben oder Heckscheibe.<\/li>\n<li>Verlorene oder gestohlene Schl\u00fcssel.<\/li>\n<li>Reifenpannen oder Reifenwechsel.<\/li>\n<\/ul>\n<\/div><div class=\"fusion-clearfix\"><\/div><\/div><\/div><\/div><\/div><\/p>\n","protected":false},"excerpt":{"rendered":"","protected":false},"author":1,"featured_media":0,"parent":0,"menu_order":0,"comment_status":"open","ping_status":"open","template":"100-width.php","meta":{"_joinchat":[],"footnotes":""},"class_list":["post-11789","page","type-page","status-publish","hentry"],"yoast_head":"<!-- This site is optimized with the Yoast SEO plugin v27.4 - https:\/\/yoast.com\/product\/yoast-seo-wordpress\/ -->\n<title>Viva Cars Alquiler de coches en el aeropuerto de Alicante y Calpe<\/title>\n<meta name=\"description\" content=\"Rent a car localizado en Calpe que le ofrece el alquiler de coches con la mejor realci\u00f3n calidad\/precio. Le entregamos su coche en el aeropuerto o el hotel sin coste adicional.\" \/>\n<meta name=\"robots\" content=\"index, follow, max-snippet:-1, max-image-preview:large, max-video-preview:-1\" \/>\n<link rel=\"canonical\" href=\"https:\/\/www.vivacars.es\/de\/\" \/>\n<meta property=\"og:locale\" content=\"es_ES\" \/>\n<meta property=\"og:type\" content=\"article\" \/>\n<meta property=\"og:title\" content=\"Viva Cars Alquiler de coches en el aeropuerto de Alicante y Calpe\" \/>\n<meta property=\"og:description\" content=\"Rent a car localizado en Calpe que le ofrece el alquiler de coches con la mejor realci\u00f3n calidad\/precio. Le entregamos su coche en el aeropuerto o el hotel sin coste adicional.\" \/>\n<meta property=\"og:url\" content=\"https:\/\/www.vivacars.es\/de\/\" \/>\n<meta property=\"og:site_name\" content=\"Viva Cars Autovermietung\" \/>\n<meta property=\"article:modified_time\" content=\"2024-10-03T15:01:19+00:00\" \/>\n<meta name=\"twitter:card\" content=\"summary_large_image\" \/>\n<meta name=\"twitter:label1\" content=\"Tiempo de lectura\" \/>\n\t<meta name=\"twitter:data1\" content=\"5 minutos\" \/>\n<script type=\"application\/ld+json\" class=\"yoast-schema-graph\">{\"@context\":\"https:\\\/\\\/schema.org\",\"@graph\":[{\"@type\":\"WebPage\",\"@id\":\"https:\\\/\\\/www.vivacars.es\\\/de\\\/\",\"url\":\"https:\\\/\\\/www.vivacars.es\\\/de\\\/\",\"name\":\"Viva Cars Alquiler de coches en el aeropuerto de Alicante y Calpe\",\"isPartOf\":{\"@id\":\"https:\\\/\\\/www.vivacars.es\\\/de\\\/#website\"},\"datePublished\":\"2012-07-30T23:32:32+00:00\",\"dateModified\":\"2024-10-03T15:01:19+00:00\",\"description\":\"Rent a car localizado en Calpe que le ofrece el alquiler de coches con la mejor realci\u00f3n calidad\\\/precio. Le entregamos su coche en el aeropuerto o el hotel sin coste adicional.\",\"breadcrumb\":{\"@id\":\"https:\\\/\\\/www.vivacars.es\\\/de\\\/#breadcrumb\"},\"inLanguage\":\"es\",\"potentialAction\":[{\"@type\":\"ReadAction\",\"target\":[\"https:\\\/\\\/www.vivacars.es\\\/de\\\/\"]}]},{\"@type\":\"BreadcrumbList\",\"@id\":\"https:\\\/\\\/www.vivacars.es\\\/de\\\/#breadcrumb\",\"itemListElement\":[{\"@type\":\"ListItem\",\"position\":1,\"name\":\"Portada\",\"item\":\"https:\\\/\\\/www.vivacars.es\\\/de\\\/\"},{\"@type\":\"ListItem\",\"position\":2,\"name\":\"Viva Cars Alquiler de coches en Calpe (Alicante)\"}]},{\"@type\":\"WebSite\",\"@id\":\"https:\\\/\\\/www.vivacars.es\\\/de\\\/#website\",\"url\":\"https:\\\/\\\/www.vivacars.es\\\/de\\\/\",\"name\":\"Viva Cars Autovermietung\",\"description\":\"Viva Cars\",\"potentialAction\":[{\"@type\":\"SearchAction\",\"target\":{\"@type\":\"EntryPoint\",\"urlTemplate\":\"https:\\\/\\\/www.vivacars.es\\\/de\\\/?s={search_term_string}\"},\"query-input\":{\"@type\":\"PropertyValueSpecification\",\"valueRequired\":true,\"valueName\":\"search_term_string\"}}],\"inLanguage\":\"es\"}]}<\/script>\n<!-- \/ Yoast SEO plugin. -->","yoast_head_json":{"title":"Viva Cars Alquiler de coches en el aeropuerto de Alicante y Calpe","description":"Rent a car localizado en Calpe que le ofrece el alquiler de coches con la mejor realci\u00f3n calidad\/precio. Le entregamos su coche en el aeropuerto o el hotel sin coste adicional.","robots":{"index":"index","follow":"follow","max-snippet":"max-snippet:-1","max-image-preview":"max-image-preview:large","max-video-preview":"max-video-preview:-1"},"canonical":"https:\/\/www.vivacars.es\/de\/","og_locale":"es_ES","og_type":"article","og_title":"Viva Cars Alquiler de coches en el aeropuerto de Alicante y Calpe","og_description":"Rent a car localizado en Calpe que le ofrece el alquiler de coches con la mejor realci\u00f3n calidad\/precio. Le entregamos su coche en el aeropuerto o el hotel sin coste adicional.","og_url":"https:\/\/www.vivacars.es\/de\/","og_site_name":"Viva Cars Autovermietung","article_modified_time":"2024-10-03T15:01:19+00:00","twitter_card":"summary_large_image","twitter_misc":{"Tiempo de lectura":"5 minutos"},"schema":{"@context":"https:\/\/schema.org","@graph":[{"@type":"WebPage","@id":"https:\/\/www.vivacars.es\/de\/","url":"https:\/\/www.vivacars.es\/de\/","name":"Viva Cars Alquiler de coches en el aeropuerto de Alicante y Calpe","isPartOf":{"@id":"https:\/\/www.vivacars.es\/de\/#website"},"datePublished":"2012-07-30T23:32:32+00:00","dateModified":"2024-10-03T15:01:19+00:00","description":"Rent a car localizado en Calpe que le ofrece el alquiler de coches con la mejor realci\u00f3n calidad\/precio. Le entregamos su coche en el aeropuerto o el hotel sin coste adicional.","breadcrumb":{"@id":"https:\/\/www.vivacars.es\/de\/#breadcrumb"},"inLanguage":"es","potentialAction":[{"@type":"ReadAction","target":["https:\/\/www.vivacars.es\/de\/"]}]},{"@type":"BreadcrumbList","@id":"https:\/\/www.vivacars.es\/de\/#breadcrumb","itemListElement":[{"@type":"ListItem","position":1,"name":"Portada","item":"https:\/\/www.vivacars.es\/de\/"},{"@type":"ListItem","position":2,"name":"Viva Cars Alquiler de coches en Calpe (Alicante)"}]},{"@type":"WebSite","@id":"https:\/\/www.vivacars.es\/de\/#website","url":"https:\/\/www.vivacars.es\/de\/","name":"Viva Cars Autovermietung","description":"Viva Cars","potentialAction":[{"@type":"SearchAction","target":{"@type":"EntryPoint","urlTemplate":"https:\/\/www.vivacars.es\/de\/?s={search_term_string}"},"query-input":{"@type":"PropertyValueSpecification","valueRequired":true,"valueName":"search_term_string"}}],"inLanguage":"es"}]}},"_links":{"self":[{"href":"https:\/\/www.vivacars.es\/de\/wp-json\/wp\/v2\/pages\/11789","targetHints":{"allow":["GET"]}}],"collection":[{"href":"https:\/\/www.vivacars.es\/de\/wp-json\/wp\/v2\/pages"}],"about":[{"href":"https:\/\/www.vivacars.es\/de\/wp-json\/wp\/v2\/types\/page"}],"author":[{"embeddable":true,"href":"https:\/\/www.vivacars.es\/de\/wp-json\/wp\/v2\/users\/1"}],"replies":[{"embeddable":true,"href":"https:\/\/www.vivacars.es\/de\/wp-json\/wp\/v2\/comments?post=11789"}],"version-history":[{"count":2,"href":"https:\/\/www.vivacars.es\/de\/wp-json\/wp\/v2\/pages\/11789\/revisions"}],"predecessor-version":[{"id":12238,"href":"https:\/\/www.vivacars.es\/de\/wp-json\/wp\/v2\/pages\/11789\/revisions\/12238"}],"wp:attachment":[{"href":"https:\/\/www.vivacars.es\/de\/wp-json\/wp\/v2\/media?parent=11789"}],"curies":[{"name":"wp","href":"https:\/\/api.w.org\/{rel}","templated":true}]}}